{"id":2316,"date":"2021-06-10T16:31:46","date_gmt":"2021-06-10T16:31:46","guid":{"rendered":"https:\/\/village.edu.gt\/?page_id=2316"},"modified":"2022-02-15T11:20:19","modified_gmt":"2022-02-15T17:20:19","slug":"newsletter-middle","status":"publish","type":"page","link":"https:\/\/village.edu.gt\/es\/newsletter-middle\/","title":{"rendered":"Newsletter Middle School"},"content":{"rendered":"<div data-elementor-type=\"wp-page\" data-elementor-id=\"2316\" class=\"elementor elementor-2316\" data-elementor-settings=\"[]\">\n\t\t\t\t\t\t<div class=\"elementor-inner\">\n\t\t\t\t\t\t\t<div class=\"elementor-section-wrap\">\n\t\t\t\t\t\t\t<section class=\"has_ma_el_bg_slider elementor-section elementor-top-section elementor-element elementor-element-1611e9b elementor-section-boxed elementor-section-height-default elementor-section-height-default jltma-glass-effect-no\" data-id=\"1611e9b\" data-element_type=\"section\">\n\t\t\t\t\t\t<div class=\"elementor-container elementor-column-gap-default\">\n\t\t\t\t\t\t\t<div class=\"elementor-row\">\n\t\t\t\t\t<div class=\"has_ma_el_bg_slider elementor-column elementor-col-100 elementor-top-column elementor-element elementor-element-7bf4b7c jltma-glass-effect-no\" data-id=\"7bf4b7c\" data-element_type=\"column\">\n\t\t\t<div class=\"elementor-column-wrap elementor-element-populated\">\n\t\t\t\t\t\t\t<div class=\"elementor-widget-wrap\">\n\t\t\t\t\t\t<div class=\"elementor-element elementor-element-940397f jltma-glass-effect-no elementor-widget elementor-widget-obfx-posts-grid\" data-id=\"940397f\" data-element_type=\"widget\" data-widget_type=\"obfx-posts-grid.default\">\n\t\t\t\t<div class=\"elementor-widget-container\">\n\t\t\t<div class=\"obfx-grid\"><div class=\"obfx-grid-container obfx-grid-mobile-1 obfx-grid-tablet-2 obfx-grid-desktop-3\"><div class=\"obfx-grid-wrapper\"><article class=\"obfx-grid-col\"><div class=\"obfx-grid-col-image\" ><a href=\"https:\/\/village.edu.gt\/es\/2023\/05\/12\/village-school-named-2022-cognia-school-of-distinction-2-2\/\" title=\"A collection of shorts stories from writer\u2019s workshop &#8211; 2023\"><!-- VideographyWP Plugin Message: Automatic video embedding prevented by plugin options. -->\n<img loading=\"lazy\" decoding=\"async\" width=\"487\" height=\"480\" src=\"https:\/\/village.edu.gt\/wp-content\/uploads\/2023\/05\/Captura-de-Pantalla-2023-05-12-a-las-11.16.48.png\" class=\"img-responsive wp-post-image\" alt=\"A collection of shorts stories from writer\u2019s workshop &#8211; 2023\" srcset=\"https:\/\/village.edu.gt\/wp-content\/uploads\/2023\/05\/Captura-de-Pantalla-2023-05-12-a-las-11.16.48.png 487w, https:\/\/village.edu.gt\/wp-content\/uploads\/2023\/05\/Captura-de-Pantalla-2023-05-12-a-las-11.16.48-300x296.png 300w, https:\/\/village.edu.gt\/wp-content\/uploads\/2023\/05\/Captura-de-Pantalla-2023-05-12-a-las-11.16.48-12x12.png 12w\" sizes=\"auto, (max-width: 487px) 100vw, 487px\" \/><\/a><\/div><div class=\"obfx-grid-col-content\">\t\t\t<h2 class=\"entry-title obfx-grid-title\">\n\t\t\t\t\t\t\t<a href=\"https:\/\/village.edu.gt\/es\/2023\/05\/12\/village-school-named-2022-cognia-school-of-distinction-2-2\/\" title=\"A collection of shorts stories from writer\u2019s workshop &#8211; 2023\">\n\t\t\t\t\tA collection of shorts stories from writer\u2019s workshop &#8211; 2023\t\t\t\t<\/a>\n\t\t\t\t\t\t\t<\/h2>\n\t\t\t\t\t\t\t<div class=\"entry-meta obfx-grid-meta\">\n\n\t\t\t\t\t\t\t\t\t\t\t\t\t<span class=\"obfx-grid-author\">\n\t\t\t\t\t\t\t\t\t<i class=\"fas fa-user\"><\/i>Village School\t\t\t\t\t\t\t\t<\/span>\n\t\t\t\t\t\t\t\t\t\t\t\t\t\t\t\t<span class=\"obfx-grid-date\">\n\t\t\t\t\t\t\t\t\t<i class=\"fas fa-calendar\"><\/i>mayo 12, 2023\t\t\t\t\t\t\t\t<\/span>\n\t\t\t\t\t\t\t\t\n\t\t\t\t<\/div>\n\t\t\t\t\t\t\t<div class=\"entry-content obfx-grid-content\">\n\t\t\t\tGuatemala, May 2023 We are happy to announce the first published book of Village student stories!\u00a0 Ms. Finlay\u2019s class was assigned the task of writing short stories and later scene&hellip;\t\t\t<\/div>\n\t\t\t<div class=\"obfx-grid-footer\"><a href=\"https:\/\/village.edu.gt\/es\/2023\/05\/12\/village-school-named-2022-cognia-school-of-distinction-2-2\/\" title=\"Read more\">Read more<\/a><\/div><\/div><\/article><\/div><div class=\"obfx-grid-wrapper\"><article class=\"obfx-grid-col\"><div class=\"obfx-grid-col-image\" ><a href=\"https:\/\/village.edu.gt\/es\/2022\/09\/16\/village-school-named-2022-cognia-school-of-distinction-2\/\" title=\"Village School Named 2022 Cognia School of Distinction\"><!-- VideographyWP Plugin Message: Automatic video embedding prevented by plugin options. -->\n<img loading=\"lazy\" decoding=\"async\" width=\"576\" height=\"433\" src=\"https:\/\/village.edu.gt\/wp-content\/uploads\/2022\/09\/image-2.png\" class=\"img-responsive wp-post-image\" alt=\"image-2\" srcset=\"https:\/\/village.edu.gt\/wp-content\/uploads\/2022\/09\/image-2.png 576w, https:\/\/village.edu.gt\/wp-content\/uploads\/2022\/09\/image-2-300x226.png 300w, https:\/\/village.edu.gt\/wp-content\/uploads\/2022\/09\/image-2-16x12.png 16w\" sizes=\"auto, (max-width: 576px) 100vw, 576px\" \/><\/a><\/div><div class=\"obfx-grid-col-content\">\t\t\t<h2 class=\"entry-title obfx-grid-title\">\n\t\t\t\t\t\t\t<a href=\"https:\/\/village.edu.gt\/es\/2022\/09\/16\/village-school-named-2022-cognia-school-of-distinction-2\/\" title=\"Village School Named 2022 Cognia School of Distinction\">\n\t\t\t\t\tVillage School Named 2022 Cognia School of Distinction\t\t\t\t<\/a>\n\t\t\t\t\t\t\t<\/h2>\n\t\t\t\t\t\t\t<div class=\"entry-meta obfx-grid-meta\">\n\n\t\t\t\t\t\t\t\t\t\t\t\t\t<span class=\"obfx-grid-author\">\n\t\t\t\t\t\t\t\t\t<i class=\"fas fa-user\"><\/i>Village School\t\t\t\t\t\t\t\t<\/span>\n\t\t\t\t\t\t\t\t\t\t\t\t\t\t\t\t<span class=\"obfx-grid-date\">\n\t\t\t\t\t\t\t\t\t<i class=\"fas fa-calendar\"><\/i>septiembre 16, 2022\t\t\t\t\t\t\t\t<\/span>\n\t\t\t\t\t\t\t\t\n\t\t\t\t<\/div>\n\t\t\t\t\t\t\t<div class=\"entry-content obfx-grid-content\">\n\t\t\t\tGuatemala, September 2022 Village School&nbsp;has been named a 2022 Cognia\u2122 School of Distinction for excellence in education. Cognia, the global nonprofit school improvement organization, recognized 96 schools in the United&hellip;\t\t\t<\/div>\n\t\t\t<div class=\"obfx-grid-footer\"><a href=\"https:\/\/village.edu.gt\/es\/2022\/09\/16\/village-school-named-2022-cognia-school-of-distinction-2\/\" title=\"Read more\">Read more<\/a><\/div><\/div><\/article><\/div><div class=\"obfx-grid-wrapper\"><article class=\"obfx-grid-col\"><div class=\"obfx-grid-col-image\" ><a href=\"https:\/\/village.edu.gt\/es\/2022\/06\/06\/end-of-the-year\/\" title=\"END OF THE YEAR\"><!-- VideographyWP Plugin Message: Automatic video embedding prevented by plugin options. -->\n<img loading=\"lazy\" decoding=\"async\" width=\"1659\" height=\"1062\" src=\"https:\/\/village.edu.gt\/wp-content\/uploads\/2022\/06\/Portada.jpg\" class=\"img-responsive wp-post-image\" alt=\"Portada\" srcset=\"https:\/\/village.edu.gt\/wp-content\/uploads\/2022\/06\/Portada.jpg 1659w, https:\/\/village.edu.gt\/wp-content\/uploads\/2022\/06\/Portada-300x192.jpg 300w, https:\/\/village.edu.gt\/wp-content\/uploads\/2022\/06\/Portada-1024x656.jpg 1024w, https:\/\/village.edu.gt\/wp-content\/uploads\/2022\/06\/Portada-768x492.jpg 768w, https:\/\/village.edu.gt\/wp-content\/uploads\/2022\/06\/Portada-1536x983.jpg 1536w, https:\/\/village.edu.gt\/wp-content\/uploads\/2022\/06\/Portada-16x10.jpg 16w, https:\/\/village.edu.gt\/wp-content\/uploads\/2022\/06\/Portada-930x595.jpg 930w\" sizes=\"auto, (max-width: 1659px) 100vw, 1659px\" \/><\/a><\/div><div class=\"obfx-grid-col-content\">\t\t\t<h2 class=\"entry-title obfx-grid-title\">\n\t\t\t\t\t\t\t<a href=\"https:\/\/village.edu.gt\/es\/2022\/06\/06\/end-of-the-year\/\" title=\"END OF THE YEAR\">\n\t\t\t\t\tEND OF THE YEAR\t\t\t\t<\/a>\n\t\t\t\t\t\t\t<\/h2>\n\t\t\t\t\t\t\t<div class=\"entry-meta obfx-grid-meta\">\n\n\t\t\t\t\t\t\t\t\t\t\t\t\t<span class=\"obfx-grid-author\">\n\t\t\t\t\t\t\t\t\t<i class=\"fas fa-user\"><\/i>Village School\t\t\t\t\t\t\t\t<\/span>\n\t\t\t\t\t\t\t\t\t\t\t\t\t\t\t\t<span class=\"obfx-grid-date\">\n\t\t\t\t\t\t\t\t\t<i class=\"fas fa-calendar\"><\/i>junio 6, 2022\t\t\t\t\t\t\t\t<\/span>\n\t\t\t\t\t\t\t\t\n\t\t\t\t<\/div>\n\t\t\t\t\t\t\t<div class=\"entry-content obfx-grid-content\">\n\t\t\t\tMiddle School Newsletter Words by Middle School Staff The Middle School Leadership Team is very proud to acknowledge the outstanding work of all the students and teachers during this academic&hellip;\t\t\t<\/div>\n\t\t\t<div class=\"obfx-grid-footer\"><a href=\"https:\/\/village.edu.gt\/es\/2022\/06\/06\/end-of-the-year\/\" title=\"Read more\">Read more<\/a><\/div><\/div><\/article><\/div><div class=\"obfx-grid-wrapper\"><article class=\"obfx-grid-col\"><div class=\"obfx-grid-col-image\" ><a href=\"https:\/\/village.edu.gt\/es\/2022\/05\/26\/2022-2023-nhs-njhs\/\" title=\"2022-2023 NHS &#038; NJHS\"><!-- VideographyWP Plugin Message: Automatic video embedding prevented by plugin options. -->\n<img loading=\"lazy\" decoding=\"async\" width=\"1846\" height=\"1846\" src=\"https:\/\/village.edu.gt\/wp-content\/uploads\/2022\/05\/NHS.jpg\" class=\"img-responsive wp-post-image\" alt=\"NHS\" srcset=\"https:\/\/village.edu.gt\/wp-content\/uploads\/2022\/05\/NHS.jpg 1846w, https:\/\/village.edu.gt\/wp-content\/uploads\/2022\/05\/NHS-300x300.jpg 300w, https:\/\/village.edu.gt\/wp-content\/uploads\/2022\/05\/NHS-1024x1024.jpg 1024w, https:\/\/village.edu.gt\/wp-content\/uploads\/2022\/05\/NHS-150x150.jpg 150w, https:\/\/village.edu.gt\/wp-content\/uploads\/2022\/05\/NHS-768x768.jpg 768w, https:\/\/village.edu.gt\/wp-content\/uploads\/2022\/05\/NHS-1536x1536.jpg 1536w, https:\/\/village.edu.gt\/wp-content\/uploads\/2022\/05\/NHS-12x12.jpg 12w, https:\/\/village.edu.gt\/wp-content\/uploads\/2022\/05\/NHS-620x620.jpg 620w\" sizes=\"auto, (max-width: 1846px) 100vw, 1846px\" \/><\/a><\/div><div class=\"obfx-grid-col-content\">\t\t\t<h2 class=\"entry-title obfx-grid-title\">\n\t\t\t\t\t\t\t<a href=\"https:\/\/village.edu.gt\/es\/2022\/05\/26\/2022-2023-nhs-njhs\/\" title=\"2022-2023 NHS &#038; NJHS\">\n\t\t\t\t\t2022-2023 NHS &#038; NJHS\t\t\t\t<\/a>\n\t\t\t\t\t\t\t<\/h2>\n\t\t\t\t\t\t\t<div class=\"entry-meta obfx-grid-meta\">\n\n\t\t\t\t\t\t\t\t\t\t\t\t\t<span class=\"obfx-grid-author\">\n\t\t\t\t\t\t\t\t\t<i class=\"fas fa-user\"><\/i>Village School\t\t\t\t\t\t\t\t<\/span>\n\t\t\t\t\t\t\t\t\t\t\t\t\t\t\t\t<span class=\"obfx-grid-date\">\n\t\t\t\t\t\t\t\t\t<i class=\"fas fa-calendar\"><\/i>mayo 26, 2022\t\t\t\t\t\t\t\t<\/span>\n\t\t\t\t\t\t\t\t\n\t\t\t\t<\/div>\n\t\t\t\t\t\t\t<div class=\"entry-content obfx-grid-content\">\n\t\t\t\tCongratulations to our new members of the NHS and NJHS 2022-2023! We are very proud of your academic commitment and leadership \ud83d\udcaa\ud83c\udffb\ud83d\udcaa\ud83c\udffb Village School is a member of the National&hellip;\t\t\t<\/div>\n\t\t\t<div class=\"obfx-grid-footer\"><a href=\"https:\/\/village.edu.gt\/es\/2022\/05\/26\/2022-2023-nhs-njhs\/\" title=\"Read more\">Read more<\/a><\/div><\/div><\/article><\/div><div class=\"obfx-grid-wrapper\"><article class=\"obfx-grid-col\"><div class=\"obfx-grid-col-image\" ><a href=\"https:\/\/village.edu.gt\/es\/2021\/12\/13\/academic-excellence-of-the-first-bimester\/\" title=\"Academic Excellence of the First Bimester\"><!-- VideographyWP Plugin Message: Automatic video embedding prevented by plugin options. -->\n<img loading=\"lazy\" decoding=\"async\" width=\"1200\" height=\"768\" src=\"https:\/\/village.edu.gt\/wp-content\/uploads\/2021\/12\/Academic-Excellence-1.png\" class=\"img-responsive wp-post-image\" alt=\"Academic-Excellence\" srcset=\"https:\/\/village.edu.gt\/wp-content\/uploads\/2021\/12\/Academic-Excellence-1.png 1200w, https:\/\/village.edu.gt\/wp-content\/uploads\/2021\/12\/Academic-Excellence-1-300x192.png 300w, https:\/\/village.edu.gt\/wp-content\/uploads\/2021\/12\/Academic-Excellence-1-1024x655.png 1024w, https:\/\/village.edu.gt\/wp-content\/uploads\/2021\/12\/Academic-Excellence-1-768x492.png 768w, https:\/\/village.edu.gt\/wp-content\/uploads\/2021\/12\/Academic-Excellence-1-16x10.png 16w, https:\/\/village.edu.gt\/wp-content\/uploads\/2021\/12\/Academic-Excellence-1-930x595.png 930w\" sizes=\"auto, (max-width: 1200px) 100vw, 1200px\" \/><\/a><\/div><div class=\"obfx-grid-col-content\">\t\t\t<h2 class=\"entry-title obfx-grid-title\">\n\t\t\t\t\t\t\t<a href=\"https:\/\/village.edu.gt\/es\/2021\/12\/13\/academic-excellence-of-the-first-bimester\/\" title=\"Academic Excellence of the First Bimester\">\n\t\t\t\t\tAcademic Excellence of the First Bimester\t\t\t\t<\/a>\n\t\t\t\t\t\t\t<\/h2>\n\t\t\t\t\t\t\t<div class=\"entry-meta obfx-grid-meta\">\n\n\t\t\t\t\t\t\t\t\t\t\t\t\t<span class=\"obfx-grid-author\">\n\t\t\t\t\t\t\t\t\t<i class=\"fas fa-user\"><\/i>Village School\t\t\t\t\t\t\t\t<\/span>\n\t\t\t\t\t\t\t\t\t\t\t\t\t\t\t\t<span class=\"obfx-grid-date\">\n\t\t\t\t\t\t\t\t\t<i class=\"fas fa-calendar\"><\/i>diciembre 13, 2021\t\t\t\t\t\t\t\t<\/span>\n\t\t\t\t\t\t\t\t\n\t\t\t\t<\/div>\n\t\t\t\t\t\t\t<div class=\"entry-content obfx-grid-content\">\n\t\t\t\t5th Grade Leiva Meneses; Ian Leonel Academic Excellence &#8211; Summa Cum Laude Ruiz Villatoro; Sofia Nicole Academic Excellence &#8211; Summa Cum Laude Gir\u00f3n Arana; Diego Andr\u00e9s Academic Excellence &#8211; Summa&hellip;\t\t\t<\/div>\n\t\t\t<div class=\"obfx-grid-footer\"><a href=\"https:\/\/village.edu.gt\/es\/2021\/12\/13\/academic-excellence-of-the-first-bimester\/\" title=\"Read more\">Read more<\/a><\/div><\/div><\/article><\/div><div class=\"obfx-grid-wrapper\"><article class=\"obfx-grid-col\"><div class=\"obfx-grid-col-image\" ><a href=\"https:\/\/village.edu.gt\/es\/2021\/12\/13\/thanksgiving-celebration\/\" title=\"Thanksgiving Celebration\"><!-- VideographyWP Plugin Message: Automatic video embedding prevented by plugin options. -->\n<img loading=\"lazy\" decoding=\"async\" width=\"1200\" height=\"768\" src=\"https:\/\/village.edu.gt\/wp-content\/uploads\/2021\/12\/tHANKSGIVING.png\" class=\"img-responsive wp-post-image\" alt=\"tHANKSGIVING\" srcset=\"https:\/\/village.edu.gt\/wp-content\/uploads\/2021\/12\/tHANKSGIVING.png 1200w, https:\/\/village.edu.gt\/wp-content\/uploads\/2021\/12\/tHANKSGIVING-300x192.png 300w, https:\/\/village.edu.gt\/wp-content\/uploads\/2021\/12\/tHANKSGIVING-1024x655.png 1024w, https:\/\/village.edu.gt\/wp-content\/uploads\/2021\/12\/tHANKSGIVING-768x492.png 768w, https:\/\/village.edu.gt\/wp-content\/uploads\/2021\/12\/tHANKSGIVING-16x10.png 16w, https:\/\/village.edu.gt\/wp-content\/uploads\/2021\/12\/tHANKSGIVING-930x595.png 930w\" sizes=\"auto, (max-width: 1200px) 100vw, 1200px\" \/><\/a><\/div><div class=\"obfx-grid-col-content\">\t\t\t<h2 class=\"entry-title obfx-grid-title\">\n\t\t\t\t\t\t\t<a href=\"https:\/\/village.edu.gt\/es\/2021\/12\/13\/thanksgiving-celebration\/\" title=\"Thanksgiving Celebration\">\n\t\t\t\t\tThanksgiving Celebration\t\t\t\t<\/a>\n\t\t\t\t\t\t\t<\/h2>\n\t\t\t\t\t\t\t<div class=\"entry-meta obfx-grid-meta\">\n\n\t\t\t\t\t\t\t\t\t\t\t\t\t<span class=\"obfx-grid-author\">\n\t\t\t\t\t\t\t\t\t<i class=\"fas fa-user\"><\/i>Village School\t\t\t\t\t\t\t\t<\/span>\n\t\t\t\t\t\t\t\t\t\t\t\t\t\t\t\t<span class=\"obfx-grid-date\">\n\t\t\t\t\t\t\t\t\t<i class=\"fas fa-calendar\"><\/i>diciembre 13, 2021\t\t\t\t\t\t\t\t<\/span>\n\t\t\t\t\t\t\t\t\n\t\t\t\t<\/div>\n\t\t\t\t\t\t\t<div class=\"entry-content obfx-grid-content\">\n\t\t\t\tThanksgiving Scavenger Hunt Thanksgiving was a great occasion for students, teachers, and families to have some fun time and celebrate gratitude and togetherness. Out of all the virtual Thanksgiving ideas,&hellip;\t\t\t<\/div>\n\t\t\t<div class=\"obfx-grid-footer\"><a href=\"https:\/\/village.edu.gt\/es\/2021\/12\/13\/thanksgiving-celebration\/\" title=\"Read more\">Read more<\/a><\/div><\/div><\/article><\/div><\/div><!-- .obfx-grid-container --><\/div><!-- .obfx-grid -->\t\t<\/div>\n\t\t\t\t<\/div>\n\t\t\t\t\t\t<\/div>\n\t\t\t\t\t<\/div>\n\t\t<\/div>\n\t\t\t\t\t\t\t\t<\/div>\n\t\t\t\t\t<\/div>\n\t\t<\/section>\n\t\t\t\t\t\t<\/div>\n\t\t\t\t\t\t<\/div>\n\t\t\t\t\t<\/div>","protected":false},"excerpt":{"rendered":"<p>Academic Excellence of the First Bimester Village School diciembre 13, 2021 5th Grade Leiva Meneses; Ian Leonel Academic Excellence &#8211; Summa Cum Laude Ruiz Villatoro; Sofia Nicole Academic Excellence &#8211; Summa Cum Laude Gir\u00f3n Arana; Diego Andr\u00e9s Academic Excellence &#8211; Summa&hellip; Read more Thanksgiving Celebration Village School diciembre 13, 2021 Thanksgiving Scavenger Hunt Thanksgiving was&hellip;&nbsp;<a href=\"https:\/\/village.edu.gt\/es\/2021\/12\/13\/thanksgiving-celebration\/\" class=\"\" rel=\"bookmark\">Read More &raquo;<span class=\"screen-reader-text\">Thanksgiving Celebration<\/span><\/a><\/p>","protected":false},"author":4,"featured_media":0,"parent":0,"menu_order":0,"comment_status":"closed","ping_status":"closed","template":"","meta":{"neve_meta_sidebar":"","neve_meta_container":"","neve_meta_enable_content_width":"","neve_meta_content_width":70,"neve_meta_title_alignment":"","neve_meta_author_avatar":"","neve_post_elements_order":"","neve_meta_disable_header":"","neve_meta_disable_footer":"on","neve_meta_disable_title":"on","footnotes":""},"class_list":["post-2316","page","type-page","status-publish","hentry"],"yoast_head":"<!-- This site is optimized with the Yoast SEO plugin v24.8.1 - https:\/\/yoast.com\/wordpress\/plugins\/seo\/ -->\n<title>Newsletter Middle School - Village School<\/title>\n<meta name=\"robots\" content=\"index, follow, max-snippet:-1, max-image-preview:large, max-video-preview:-1\" \/>\n<link rel=\"canonical\" href=\"https:\/\/village.edu.gt\/es\/newsletter-middle\/\" \/>\n<meta property=\"og:locale\" content=\"es_ES\" \/>\n<meta property=\"og:type\" content=\"article\" \/>\n<meta property=\"og:title\" content=\"MIDDLE SCHOOL NEWSLETTER\" \/>\n<meta property=\"og:description\" content=\"Actividad de Conmemoraci\u00f3n de la Ca\u00edda del Muro de Berl\u00edn SCIENCE 5th Grade We made it rain!.. see more\" \/>\n<meta property=\"og:url\" content=\"https:\/\/village.edu.gt\/es\/newsletter-middle\/\" \/>\n<meta property=\"og:site_name\" content=\"Village School\" \/>\n<meta property=\"article:modified_time\" content=\"2022-02-15T17:20:19+00:00\" \/>\n<meta property=\"og:image\" content=\"https:\/\/village.edu.gt\/wp-content\/uploads\/2021\/12\/MS-Newsletter.jpg\" \/>\n\t<meta property=\"og:image:width\" content=\"850\" \/>\n\t<meta property=\"og:image:height\" content=\"550\" \/>\n\t<meta property=\"og:image:type\" content=\"image\/jpeg\" \/>\n<meta name=\"twitter:card\" content=\"summary_large_image\" \/>\n<meta name=\"twitter:title\" content=\"MIDDLE SCHOOL NEWSLETTER\" \/>\n<meta name=\"twitter:description\" content=\"Actividad de Conmemoraci\u00f3n de la Ca\u00edda del Muro de Berl\u00edn SCIENCE 5th Grade We made it rain!.. see more\" \/>\n<meta name=\"twitter:image\" content=\"https:\/\/village.edu.gt\/wp-content\/uploads\/2021\/12\/MS-Newsletter.jpg\" \/>\n<meta name=\"twitter:label1\" content=\"Est. reading time\" \/>\n\t<meta name=\"twitter:data1\" content=\"2 minutos\" \/>\n<script type=\"application\/ld+json\" class=\"yoast-schema-graph\">{\"@context\":\"https:\/\/schema.org\",\"@graph\":[{\"@type\":\"WebPage\",\"@id\":\"https:\/\/village.edu.gt\/newsletter-middle\/\",\"url\":\"https:\/\/village.edu.gt\/newsletter-middle\/\",\"name\":\"Newsletter Middle School - Village School\",\"isPartOf\":{\"@id\":\"https:\/\/village.edu.gt\/#website\"},\"primaryImageOfPage\":{\"@id\":\"https:\/\/village.edu.gt\/newsletter-middle\/#primaryimage\"},\"image\":{\"@id\":\"https:\/\/village.edu.gt\/newsletter-middle\/#primaryimage\"},\"thumbnailUrl\":\"https:\/\/village.edu.gt\/wp-content\/uploads\/2021\/12\/Academic-Excellence-1.png\",\"datePublished\":\"2021-06-10T16:31:46+00:00\",\"dateModified\":\"2022-02-15T17:20:19+00:00\",\"breadcrumb\":{\"@id\":\"https:\/\/village.edu.gt\/newsletter-middle\/#breadcrumb\"},\"inLanguage\":\"es\",\"potentialAction\":[{\"@type\":\"ReadAction\",\"target\":[\"https:\/\/village.edu.gt\/newsletter-middle\/\"]}]},{\"@type\":\"ImageObject\",\"inLanguage\":\"es\",\"@id\":\"https:\/\/village.edu.gt\/newsletter-middle\/#primaryimage\",\"url\":\"https:\/\/village.edu.gt\/wp-content\/uploads\/2021\/12\/Academic-Excellence-1.png\",\"contentUrl\":\"https:\/\/village.edu.gt\/wp-content\/uploads\/2021\/12\/Academic-Excellence-1.png\"},{\"@type\":\"BreadcrumbList\",\"@id\":\"https:\/\/village.edu.gt\/newsletter-middle\/#breadcrumb\",\"itemListElement\":[{\"@type\":\"ListItem\",\"position\":1,\"name\":\"Home\",\"item\":\"https:\/\/village.edu.gt\/\"},{\"@type\":\"ListItem\",\"position\":2,\"name\":\"Newsletter Middle School\"}]},{\"@type\":\"WebSite\",\"@id\":\"https:\/\/village.edu.gt\/#website\",\"url\":\"https:\/\/village.edu.gt\/\",\"name\":\"Village School\",\"description\":\"Education for the Future\",\"publisher\":{\"@id\":\"https:\/\/village.edu.gt\/#organization\"},\"potentialAction\":[{\"@type\":\"SearchAction\",\"target\":{\"@type\":\"EntryPoint\",\"urlTemplate\":\"https:\/\/village.edu.gt\/?s={search_term_string}\"},\"query-input\":{\"@type\":\"PropertyValueSpecification\",\"valueRequired\":true,\"valueName\":\"search_term_string\"}}],\"inLanguage\":\"es\"},{\"@type\":\"Organization\",\"@id\":\"https:\/\/village.edu.gt\/#organization\",\"name\":\"Village School\",\"url\":\"https:\/\/village.edu.gt\/\",\"logo\":{\"@type\":\"ImageObject\",\"inLanguage\":\"es\",\"@id\":\"https:\/\/village.edu.gt\/#\/schema\/logo\/image\/\",\"url\":\"https:\/\/village.edu.gt\/wp-content\/uploads\/2019\/03\/cropped-Village-School-Guatemala.png\",\"contentUrl\":\"https:\/\/village.edu.gt\/wp-content\/uploads\/2019\/03\/cropped-Village-School-Guatemala.png\",\"width\":499,\"height\":502,\"caption\":\"Village School\"},\"image\":{\"@id\":\"https:\/\/village.edu.gt\/#\/schema\/logo\/image\/\"}}]}<\/script>\n<!-- \/ Yoast SEO plugin. -->","yoast_head_json":{"title":"Newsletter Middle School - Village School","robots":{"index":"index","follow":"follow","max-snippet":"max-snippet:-1","max-image-preview":"max-image-preview:large","max-video-preview":"max-video-preview:-1"},"canonical":"https:\/\/village.edu.gt\/es\/newsletter-middle\/","og_locale":"es_ES","og_type":"article","og_title":"MIDDLE SCHOOL NEWSLETTER","og_description":"Actividad de Conmemoraci\u00f3n de la Ca\u00edda del Muro de Berl\u00edn SCIENCE 5th Grade We made it rain!.. see more","og_url":"https:\/\/village.edu.gt\/es\/newsletter-middle\/","og_site_name":"Village School","article_modified_time":"2022-02-15T17:20:19+00:00","og_image":[{"width":850,"height":550,"url":"https:\/\/village.edu.gt\/wp-content\/uploads\/2021\/12\/MS-Newsletter.jpg","type":"image\/jpeg"}],"twitter_card":"summary_large_image","twitter_title":"MIDDLE SCHOOL NEWSLETTER","twitter_description":"Actividad de Conmemoraci\u00f3n de la Ca\u00edda del Muro de Berl\u00edn SCIENCE 5th Grade We made it rain!.. see more","twitter_image":"https:\/\/village.edu.gt\/wp-content\/uploads\/2021\/12\/MS-Newsletter.jpg","twitter_misc":{"Est. reading time":"2 minutos"},"schema":{"@context":"https:\/\/schema.org","@graph":[{"@type":"WebPage","@id":"https:\/\/village.edu.gt\/newsletter-middle\/","url":"https:\/\/village.edu.gt\/newsletter-middle\/","name":"Newsletter Middle School - Village School","isPartOf":{"@id":"https:\/\/village.edu.gt\/#website"},"primaryImageOfPage":{"@id":"https:\/\/village.edu.gt\/newsletter-middle\/#primaryimage"},"image":{"@id":"https:\/\/village.edu.gt\/newsletter-middle\/#primaryimage"},"thumbnailUrl":"https:\/\/village.edu.gt\/wp-content\/uploads\/2021\/12\/Academic-Excellence-1.png","datePublished":"2021-06-10T16:31:46+00:00","dateModified":"2022-02-15T17:20:19+00:00","breadcrumb":{"@id":"https:\/\/village.edu.gt\/newsletter-middle\/#breadcrumb"},"inLanguage":"es","potentialAction":[{"@type":"ReadAction","target":["https:\/\/village.edu.gt\/newsletter-middle\/"]}]},{"@type":"ImageObject","inLanguage":"es","@id":"https:\/\/village.edu.gt\/newsletter-middle\/#primaryimage","url":"https:\/\/village.edu.gt\/wp-content\/uploads\/2021\/12\/Academic-Excellence-1.png","contentUrl":"https:\/\/village.edu.gt\/wp-content\/uploads\/2021\/12\/Academic-Excellence-1.png"},{"@type":"BreadcrumbList","@id":"https:\/\/village.edu.gt\/newsletter-middle\/#breadcrumb","itemListElement":[{"@type":"ListItem","position":1,"name":"Home","item":"https:\/\/village.edu.gt\/"},{"@type":"ListItem","position":2,"name":"Newsletter Middle School"}]},{"@type":"WebSite","@id":"https:\/\/village.edu.gt\/#website","url":"https:\/\/village.edu.gt\/","name":"Village School","description":"Education for the Future","publisher":{"@id":"https:\/\/village.edu.gt\/#organization"},"potentialAction":[{"@type":"SearchAction","target":{"@type":"EntryPoint","urlTemplate":"https:\/\/village.edu.gt\/?s={search_term_string}"},"query-input":{"@type":"PropertyValueSpecification","valueRequired":true,"valueName":"search_term_string"}}],"inLanguage":"es"},{"@type":"Organization","@id":"https:\/\/village.edu.gt\/#organization","name":"Village School","url":"https:\/\/village.edu.gt\/","logo":{"@type":"ImageObject","inLanguage":"es","@id":"https:\/\/village.edu.gt\/#\/schema\/logo\/image\/","url":"https:\/\/village.edu.gt\/wp-content\/uploads\/2019\/03\/cropped-Village-School-Guatemala.png","contentUrl":"https:\/\/village.edu.gt\/wp-content\/uploads\/2019\/03\/cropped-Village-School-Guatemala.png","width":499,"height":502,"caption":"Village School"},"image":{"@id":"https:\/\/village.edu.gt\/#\/schema\/logo\/image\/"}}]}},"_links":{"self":[{"href":"https:\/\/village.edu.gt\/es\/wp-json\/wp\/v2\/pages\/2316","targetHints":{"allow":["GET"]}}],"collection":[{"href":"https:\/\/village.edu.gt\/es\/wp-json\/wp\/v2\/pages"}],"about":[{"href":"https:\/\/village.edu.gt\/es\/wp-json\/wp\/v2\/types\/page"}],"author":[{"embeddable":true,"href":"https:\/\/village.edu.gt\/es\/wp-json\/wp\/v2\/users\/4"}],"replies":[{"embeddable":true,"href":"https:\/\/village.edu.gt\/es\/wp-json\/wp\/v2\/comments?post=2316"}],"version-history":[{"count":24,"href":"https:\/\/village.edu.gt\/es\/wp-json\/wp\/v2\/pages\/2316\/revisions"}],"predecessor-version":[{"id":4360,"href":"https:\/\/village.edu.gt\/es\/wp-json\/wp\/v2\/pages\/2316\/revisions\/4360"}],"wp:attachment":[{"href":"https:\/\/village.edu.gt\/es\/wp-json\/wp\/v2\/media?parent=2316"}],"curies":[{"name":"wp","href":"https:\/\/api.w.org\/{rel}","templated":true}]}}